{"id":10195,"date":"2019-05-08T11:04:18","date_gmt":"2019-05-08T09:04:18","guid":{"rendered":"https:\/\/www.asta.uni-siegen.de\/?post_type=tribe_events&#038;p=10195"},"modified":"2019-05-08T11:04:18","modified_gmt":"2019-05-08T09:04:18","slug":"macht-gewalt-gewalt-an-hochschulen","status":"publish","type":"tribe_events","link":"https:\/\/www.asta.uni-siegen.de\/index.php\/termin_der_vs\/macht-gewalt-gewalt-an-hochschulen\/","title":{"rendered":"Macht &#038; Gewalt &#8211; Gewalt an Hochschulen"},"content":{"rendered":"<p>Die Vortragsreihe &#8220;Macht und Gewalt&#8221; wendet sich fakult\u00e4ts\u00fcbergreifend an alle Studierenden, die sich f\u00fcr die Auseinandersetzung mit geschlechtsspezifischen strukturellen Ungleichheiten und systemische Benachteiligung interessieren. Sie soll einen interdisziplin\u00e4ren Blick auf Mechanismen werfen, in welchen intersektional Ungleichheiten sichtbar werden &#8211; aus \u00f6konomischer, medienwissenschaftlicher, historischer, p\u00e4dagogischer, soziologischer und nicht zuletzt politischer Perspektive. Die verschiedenen Vortr\u00e4ge haben die Zielsetzung, die Reflexion gewohnter, heteronormativer Wahrnehmungs- und Handlungsmuster anzuregen und ihre Entstehung und Validit\u00e4t zu beleuchten.<\/p>\n<p>Montag, 17.06.2019 &#8220;Gewalt an Hochschulen&#8221; 16 Uhr in Raum US &#8211; A 134\/1<\/p>\n<p>Vortragende: Boglarka Beyer-Rickes, Team Sicherheit, Bedrohungsmanagement<\/p>\n<p>Die Veranstaltungsreihe \u201eMacht und Gewalt\u201c an der Universit\u00e4t Siegen wird organisiert von: studentische Gleichstellungsbeauftragte Universit\u00e4t Siegen, Gleichstellungsb\u00fcro Siegen, AStA, queer at uni, Ik\u00d6S, Gestu_S<\/p>\n ","protected":false},"excerpt":{"rendered":"<p>Die Vortragsreihe &#8220;Macht und Gewalt&#8221; wendet sich fakult\u00e4ts\u00fcbergreifend an alle Studierenden, die sich f\u00fcr die Auseinandersetzung mit geschlechtsspezifischen strukturellen Ungleichheiten und systemische Benachteiligung interessieren. Sie soll einen interdisziplin\u00e4ren Blick auf Mechanismen werfen, in welchen intersektional Ungleichheiten sichtbar werden &#8211; aus \u00f6konomischer, medienwissenschaftlicher, historischer, p\u00e4dagogischer, soziologischer und nicht zuletzt politischer Perspektive. Die verschiedenen Vortr\u00e4ge haben die Zielsetzung, die<\/p>\n<p><a class=\"more-link\" href=\"https:\/\/www.asta.uni-siegen.de\/index.php\/termin_der_vs\/macht-gewalt-gewalt-an-hochschulen\/\">Weiterlesen<\/a><\/p>\n","protected":false},"author":18,"featured_media":0,"comment_status":"closed","ping_status":"closed","template":"","meta":{"_tribe_events_status":"","_tribe_events_status_reason":"","footnotes":""},"tags":[],"tribe_events_cat":[],"class_list":["post-10195","tribe_events","type-tribe_events","status-publish","hentry"],"_links":{"self":[{"href":"https:\/\/www.asta.uni-siegen.de\/index.php\/wp-json\/wp\/v2\/tribe_events\/10195","targetHints":{"allow":["GET"]}}],"collection":[{"href":"https:\/\/www.asta.uni-siegen.de\/index.php\/wp-json\/wp\/v2\/tribe_events"}],"about":[{"href":"https:\/\/www.asta.uni-siegen.de\/index.php\/wp-json\/wp\/v2\/types\/tribe_events"}],"author":[{"embeddable":true,"href":"https:\/\/www.asta.uni-siegen.de\/index.php\/wp-json\/wp\/v2\/users\/18"}],"replies":[{"embeddable":true,"href":"https:\/\/www.asta.uni-siegen.de\/index.php\/wp-json\/wp\/v2\/comments?post=10195"}],"version-history":[{"count":1,"href":"https:\/\/www.asta.uni-siegen.de\/index.php\/wp-json\/wp\/v2\/tribe_events\/10195\/revisions"}],"predecessor-version":[{"id":10196,"href":"https:\/\/www.asta.uni-siegen.de\/index.php\/wp-json\/wp\/v2\/tribe_events\/10195\/revisions\/10196"}],"wp:attachment":[{"href":"https:\/\/www.asta.uni-siegen.de\/index.php\/wp-json\/wp\/v2\/media?parent=10195"}],"wp:term":[{"taxonomy":"post_tag","embeddable":true,"href":"https:\/\/www.asta.uni-siegen.de\/index.php\/wp-json\/wp\/v2\/tags?post=10195"},{"taxonomy":"tribe_events_cat","embeddable":true,"href":"https:\/\/www.asta.uni-siegen.de\/index.php\/wp-json\/wp\/v2\/tribe_events_cat?post=10195"}],"curies":[{"name":"wp","href":"https:\/\/api.w.org\/{rel}","templated":true}]}}