{"id":11992,"date":"2020-12-09T11:54:46","date_gmt":"2020-12-09T10:54:46","guid":{"rendered":"http:\/\/www.asta.uni-siegen.de\/?post_type=tribe_events&#038;p=11992"},"modified":"2020-12-13T13:01:56","modified_gmt":"2020-12-13T12:01:56","slug":"siegen-gegen-rechts-band-gegen-rechts","status":"publish","type":"tribe_events","link":"https:\/\/www.asta.uni-siegen.de\/index.php\/termin_der_vs\/siegen-gegen-rechts-band-gegen-rechts\/","title":{"rendered":"ABGESAGT! &#8211; Siegen gegen Rechts &#8211; Band gegen Rechts"},"content":{"rendered":"<p>Das antifaschistische Aktionsb\u00fcndnis Siegen gegen Rechts veranstaltet am Samstag, 12.12.2020 ab 14 Uhr eine Demo an der Siegerlandhalle<br \/>\nHier findet ihr den Text zu der Veranstaltung:<\/p>\n<p>**Siegen gegen Rechts &#8211; Band der Solidarit\u00e4t**<br \/>\nViel ist passiert, seit die Nazis vom III. Weg vor f\u00fcnf Monaten ein B\u00fcro in der Siegener Schlachthausstra\u00dfe er\u00f6ffnet haben:<br \/>\n\u2219 Mehrere Infost\u00e4nde des III. Wegs haben in der Innenstadt von Siegen Nazi-Propaganda verbreitet.<br \/>\n\u2219 In Olpe fand ein &#8220;Volksfest&#8221; des III. Wegs mit Kampf-Einlagen statt.<br \/>\n\u2219 Ein Holocaust-Gedenkgang wurde von den Nazis blockiert, die NS-Verbrechen verharmlost und geleugnet.<br \/>\n\u2219 Menschen in der Nachbarschaft berichten davon, dass sie sich aus Angst vor den Nazis nicht mehr trauen, ihre Kinder unbeaufsichtigt in der N\u00e4he des Parteib\u00fcros zum Spielen oder zum Kiosk rauszulassen.<br \/>\n\u2219 Einige Menschen wurden von III. Weg-Nazis attackiert.<br \/>\n\u2219 Clara wurde im Rahmen ihres Engagements in der Nachbarschaft Hammerh\u00fctte im Rahmen von Siegen gegen Rechts von den Nazis auf ihrer Website \u00f6ffentlich geoutet und frauenfeindlich beleidigt.<br \/>\n\u2219 Es gab Morddrohungen gegen den Siegener Studenten Roland W. aufgrund seiner Sexualit\u00e4t.<br \/>\nWir bleiben auch w\u00e4hrend der zweiten Corona-Welle solidarisch miteinander und machen deutlich: Siegen bleibt bunt und in unserer Stadt ist kein Platz f\u00fcr Nazis und ihre menschenfeindliche Hetze und Gewalt!<br \/>\nWir zeigen unser starkes, gemeinsames Band der Solidarit\u00e4t mit einer langen Menschenkette um das Quartier Hammerh\u00fctte.<br \/>\nDas antifaschistische Aktionsb\u00fcndnis \u00bbSiegen gegen Rechts\u00ab l\u00e4dt alle ein, die sich gemeinsam gegen Nazis und ihren Menschenhass stellen wollen.<br \/>\nWir starten um 14 Uhr am Parkplatz vor der Siegerlandhalle.<br \/>\nCoronabedingt verbinden wir uns mit B\u00e4ndern (gibt es von uns) oder Transparenten (bringt gerne eure eigenen mit, Masken selbstverst\u00e4ndlich auch) mit je 2 Meter Abstand. Anstelle einer Kundgebung haben wir ein Web-Radio organisiert, \u00fcber das wir Reden und Musik gegen rechts empfangen werden (Bluetooth-Boxen mitbringen!).<br \/>\nLasst uns gemeinsam ein Zeichen der Solidarit\u00e4t und des Zusammenhalts in unserer Stadt setzen!<br \/>\n&#8220;Hoch die Solidarit\u00e4t &#8211; nieder mit dem III. Weg!&#8221;<\/p>\n ","protected":false},"excerpt":{"rendered":"<p>Das antifaschistische Aktionsb\u00fcndnis Siegen gegen Rechts veranstaltet am Samstag, 12.12.2020 ab 14 Uhr eine Demo an der Siegerlandhalle Hier findet ihr den Text zu der Veranstaltung: **Siegen gegen Rechts &#8211; Band der Solidarit\u00e4t** Viel ist passiert, seit die Nazis vom III. Weg vor f\u00fcnf Monaten ein B\u00fcro in der Siegener Schlachthausstra\u00dfe er\u00f6ffnet haben: \u2219 Mehrere Infost\u00e4nde des<\/p>\n<p><a class=\"more-link\" href=\"https:\/\/www.asta.uni-siegen.de\/index.php\/termin_der_vs\/siegen-gegen-rechts-band-gegen-rechts\/\">Weiterlesen<\/a><\/p>\n","protected":false},"author":18,"featured_media":0,"comment_status":"closed","ping_status":"closed","template":"","meta":{"_tribe_events_status":"","_tribe_events_status_reason":"","footnotes":""},"tags":[],"tribe_events_cat":[],"class_list":["post-11992","tribe_events","type-tribe_events","status-publish","hentry"],"_links":{"self":[{"href":"https:\/\/www.asta.uni-siegen.de\/index.php\/wp-json\/wp\/v2\/tribe_events\/11992","targetHints":{"allow":["GET"]}}],"collection":[{"href":"https:\/\/www.asta.uni-siegen.de\/index.php\/wp-json\/wp\/v2\/tribe_events"}],"about":[{"href":"https:\/\/www.asta.uni-siegen.de\/index.php\/wp-json\/wp\/v2\/types\/tribe_events"}],"author":[{"embeddable":true,"href":"https:\/\/www.asta.uni-siegen.de\/index.php\/wp-json\/wp\/v2\/users\/18"}],"replies":[{"embeddable":true,"href":"https:\/\/www.asta.uni-siegen.de\/index.php\/wp-json\/wp\/v2\/comments?post=11992"}],"version-history":[{"count":2,"href":"https:\/\/www.asta.uni-siegen.de\/index.php\/wp-json\/wp\/v2\/tribe_events\/11992\/revisions"}],"predecessor-version":[{"id":12012,"href":"https:\/\/www.asta.uni-siegen.de\/index.php\/wp-json\/wp\/v2\/tribe_events\/11992\/revisions\/12012"}],"wp:attachment":[{"href":"https:\/\/www.asta.uni-siegen.de\/index.php\/wp-json\/wp\/v2\/media?parent=11992"}],"wp:term":[{"taxonomy":"post_tag","embeddable":true,"href":"https:\/\/www.asta.uni-siegen.de\/index.php\/wp-json\/wp\/v2\/tags?post=11992"},{"taxonomy":"tribe_events_cat","embeddable":true,"href":"https:\/\/www.asta.uni-siegen.de\/index.php\/wp-json\/wp\/v2\/tribe_events_cat?post=11992"}],"curies":[{"name":"wp","href":"https:\/\/api.w.org\/{rel}","templated":true}]}}