{"id":14593,"date":"2022-06-17T17:31:49","date_gmt":"2022-06-17T15:31:49","guid":{"rendered":"https:\/\/www.asta.uni-siegen.de\/?post_type=tribe_events&#038;p=14593"},"modified":"2022-06-17T17:36:32","modified_gmt":"2022-06-17T15:36:32","slug":"ein-vortrag-von-michael-hirsch-emanzipation-der-maenner-nicht-nur-der-frauen-maennlichkeit-eine-kritische-betrachtung","status":"publish","type":"tribe_events","link":"https:\/\/www.asta.uni-siegen.de\/index.php\/termin_der_vs\/ein-vortrag-von-michael-hirsch-emanzipation-der-maenner-nicht-nur-der-frauen-maennlichkeit-eine-kritische-betrachtung\/","title":{"rendered":"Emanzipation der M\u00e4nner, nicht nur der Frauen?\u00a0M\u00e4nnlichkeit &#8211; eine kritische Betrachtung &#8211; Ein Vortrag von PD. Dr. Michael Hirsch"},"content":{"rendered":"<p><span style=\"font-family: Avenir;\">Emanzipation der M\u00e4nner, nicht nur der Frauen?\u00a0M\u00e4nnlichkeit &#8211; eine kritische Betrachtung<\/span><\/p>\n<p><span style=\"font-family: Avenir;\">Ein Vortrag von PD. Dr. Michael Hirsch<\/span><\/p>\n<p>&nbsp;<\/p>\n<p><span style=\"font-family: Avenir;\">Der Vortrag entwickelt theoretische, politische und praktische Perspektiven f\u00fcr eine emanzipierte Vorstellung von M\u00e4nnlichkeit heute. Gegen die im neoliberalen Feminismus dominierenden Vorstellung, dass es bei fortschrittlicher Gleichstellungspolitik prim\u00e4r um das Beiseiter\u00e4umen der Hindernisse f\u00fcr die ungehinderte Verf\u00fcgbarkeit aller Frauen f\u00fcr den Arbeitsmarkt geht (und um eine leicht erh\u00f6hte Beteiligung von M\u00e4nnern an Haus- und Sorgearbeit), geht der Vortrag von einer prinzipiellen Kritik der Leistungsanforderungen in der m\u00e4nnlich dominierten Lohnarbeitsgesellschaft aus.<\/span><\/p>\n<p><span style=\"font-family: Avenir;\">Es wird gefragt: Wie k\u00f6nnten Erwerbs- und Sorgearbeit, wie k\u00f6nnten Arbeit und Leben \u00fcberhaupt auf eine Weise zwischen den einzelnen sozialen Klassen und Geschlechtern aufgeteilt werden, dass man nicht mehr nur von m\u00fchsam hier und da erreichten Formen von \u201eVereinbarkeit\u201c sprechen kann, sondern wirklich von einem guten Leben f\u00fcr alle? Ein emanzipierter Begriff von M\u00e4nnlichkeit ist in der Beantwortung dieser Frage zu suchen. Wie ist es m\u00f6glich, sich jenseits blo\u00dfer Ausnahmen und Provokationen wirklich von den bisherigen Rollenbildern und Normalit\u00e4tsvorstellungen dessen zu l\u00f6sen, was als Mann, was als m\u00e4nnliche Lebensweise gilt? Die These ist: Feminismus und Emanzipation werden nur dann progressiv sein, wenn sie wirklich eine konkrete Vision f\u00fcr ein besseres Leben f\u00fcr alle entwickeln. Daf\u00fcr aber muss man sich, pers\u00f6nlich wie politisch, sowohl von den woken Formen von Feminismus als auch vom neoliberalen Elitenfeminismus absetzen, die jeweils nur Minderheitenidentit\u00e4ten adressieren, anstatt die herrschende Regel der androzentrischen Arbeitsgesellschaft selbst zu transformieren.<\/span><\/p>\n<p>&nbsp;<\/p>\n<p>&nbsp;<\/p>\n<p><span style=\"font-family: Avenir;\">PD Dr. Michael Hirsch ist Politikwissenschaftler und Philosoph und lehrt Politische Theorie und Ideengeschichte an der Universit\u00e4t Siegen. Er lebt als freier Autor und Dozent in M\u00fcnchen und arbeitet regelm\u00e4\u00dfig f\u00fcr Zeitungen, Zeitschriften und Rundfunk. Seit 2010 ist er als Vortragsredner in der Frauen-, M\u00e4nner- und Gleichstellungsbewegung t\u00e4tig. Aktuell arbeitet er an einem Buch \u00fcber die Emanzipation von Frauen und M\u00e4nnern vom Geschlechterregime der Lohnarbeitsgesellschaft.<\/span><\/p>\n<p><span style=\"font-family: Avenir;\">J\u00fcngere Buchver\u00f6ffentlichungen:<\/span><\/p>\n<p><span style=\"font-family: Avenir;\">Kulturarbeit. Progressive Desillusionierung und professionelle Amateure (2022); Richtig falsch. Es gibt ein richtiges Leben im falschen (2019); Die \u00dcberwindung der Arbeitsgesellschaft. Eine politische Philosophie der Arbeit (2016)<\/span><\/p>\n ","protected":false},"excerpt":{"rendered":"<p>Emanzipation der M\u00e4nner, nicht nur der Frauen?\u00a0M\u00e4nnlichkeit &#8211; eine kritische Betrachtung Ein Vortrag von PD. Dr. Michael Hirsch &nbsp; Der Vortrag entwickelt theoretische, politische und praktische Perspektiven f\u00fcr eine emanzipierte Vorstellung von M\u00e4nnlichkeit heute. Gegen die im neoliberalen Feminismus dominierenden Vorstellung, dass es bei fortschrittlicher Gleichstellungspolitik prim\u00e4r um das Beiseiter\u00e4umen der Hindernisse f\u00fcr die ungehinderte Verf\u00fcgbarkeit aller<\/p>\n<p><a class=\"more-link\" href=\"https:\/\/www.asta.uni-siegen.de\/index.php\/termin_der_vs\/ein-vortrag-von-michael-hirsch-emanzipation-der-maenner-nicht-nur-der-frauen-maennlichkeit-eine-kritische-betrachtung\/\">Weiterlesen<\/a><\/p>\n","protected":false},"author":18,"featured_media":0,"comment_status":"closed","ping_status":"closed","template":"","meta":{"_tribe_events_status":"","_tribe_events_status_reason":"","footnotes":""},"tags":[],"tribe_events_cat":[],"class_list":["post-14593","tribe_events","type-tribe_events","status-publish","hentry"],"_links":{"self":[{"href":"https:\/\/www.asta.uni-siegen.de\/index.php\/wp-json\/wp\/v2\/tribe_events\/14593","targetHints":{"allow":["GET"]}}],"collection":[{"href":"https:\/\/www.asta.uni-siegen.de\/index.php\/wp-json\/wp\/v2\/tribe_events"}],"about":[{"href":"https:\/\/www.asta.uni-siegen.de\/index.php\/wp-json\/wp\/v2\/types\/tribe_events"}],"author":[{"embeddable":true,"href":"https:\/\/www.asta.uni-siegen.de\/index.php\/wp-json\/wp\/v2\/users\/18"}],"replies":[{"embeddable":true,"href":"https:\/\/www.asta.uni-siegen.de\/index.php\/wp-json\/wp\/v2\/comments?post=14593"}],"version-history":[{"count":5,"href":"https:\/\/www.asta.uni-siegen.de\/index.php\/wp-json\/wp\/v2\/tribe_events\/14593\/revisions"}],"predecessor-version":[{"id":14598,"href":"https:\/\/www.asta.uni-siegen.de\/index.php\/wp-json\/wp\/v2\/tribe_events\/14593\/revisions\/14598"}],"wp:attachment":[{"href":"https:\/\/www.asta.uni-siegen.de\/index.php\/wp-json\/wp\/v2\/media?parent=14593"}],"wp:term":[{"taxonomy":"post_tag","embeddable":true,"href":"https:\/\/www.asta.uni-siegen.de\/index.php\/wp-json\/wp\/v2\/tags?post=14593"},{"taxonomy":"tribe_events_cat","embeddable":true,"href":"https:\/\/www.asta.uni-siegen.de\/index.php\/wp-json\/wp\/v2\/tribe_events_cat?post=14593"}],"curies":[{"name":"wp","href":"https:\/\/api.w.org\/{rel}","templated":true}]}}