{"id":17299,"date":"2025-04-04T13:31:16","date_gmt":"2025-04-04T11:31:16","guid":{"rendered":"https:\/\/www.asta.uni-siegen.de\/?post_type=tribe_events&#038;p=17299"},"modified":"2025-04-04T13:31:16","modified_gmt":"2025-04-04T11:31:16","slug":"ausstellung-femizide-in-deutschland","status":"publish","type":"tribe_events","link":"https:\/\/www.asta.uni-siegen.de\/index.php\/termin_der_vs\/ausstellung-femizide-in-deutschland\/","title":{"rendered":"Ausstellung &#8220;Femizide in Deutschland&#8221;"},"content":{"rendered":"<p>Unsere Ausstellung zum Thema Femizide geht in die n\u00e4chste Runde! Nachdem wir bereits letztes Jahr im US ausgestellt haben, ist die Ausstellung nun zur\u00fcck &#8211; aktualisiert und erweitert. P\u00fcnktlich zum Semesterstart geht&#8217;s los! Schaut einfach im US Foyer vorbei und informiert euch \u00fcber dieses, leider, sehr wichtige Thema. Danke an dieser Stelle an alle Beteiligten und das Team von femizidestoppen f\u00fcr ihre tolle Arbeit! \ud83d\udc9c<br \/>\nFemizide in Deutschland<br \/>\nUS-C Foyer<br \/>\n7. 4. &#8211; 11.4. jeweils 10 &#8211; 20 Uhr<br \/>\nAusstellungser\u00f6ffnung 7.4. um 16 Uhr!<\/p>\n ","protected":false},"excerpt":{"rendered":"<p>Unsere Ausstellung zum Thema Femizide geht in die n\u00e4chste Runde! Nachdem wir bereits letztes Jahr im US ausgestellt haben, ist die Ausstellung nun zur\u00fcck &#8211; aktualisiert und erweitert. P\u00fcnktlich zum Semesterstart geht&#8217;s los! Schaut einfach im US Foyer vorbei und informiert euch \u00fcber dieses, leider, sehr wichtige Thema. Danke an dieser Stelle an alle Beteiligten und das<\/p>\n<p><a class=\"more-link\" href=\"https:\/\/www.asta.uni-siegen.de\/index.php\/termin_der_vs\/ausstellung-femizide-in-deutschland\/\">Weiterlesen<\/a><\/p>\n","protected":false},"author":18,"featured_media":0,"comment_status":"closed","ping_status":"closed","template":"","meta":{"_tribe_events_status":"","_tribe_events_status_reason":"","footnotes":""},"tags":[44,47,50,49,55,51,48,52,54,56,57,45],"tribe_events_cat":[],"class_list":["post-17299","tribe_events","type-tribe_events","status-publish","hentry","tag-asta","tag-asta-uni-siegen","tag-ausstellung","tag-femizide","tag-femizide-in-deutschland","tag-politische-bildung","tag-uni-siegen","tag-universitaet-siegen","tag-unteres-schloss","tag-us-c","tag-us-c-foyer","tag-walter-kraemer-asta"],"_links":{"self":[{"href":"https:\/\/www.asta.uni-siegen.de\/index.php\/wp-json\/wp\/v2\/tribe_events\/17299","targetHints":{"allow":["GET"]}}],"collection":[{"href":"https:\/\/www.asta.uni-siegen.de\/index.php\/wp-json\/wp\/v2\/tribe_events"}],"about":[{"href":"https:\/\/www.asta.uni-siegen.de\/index.php\/wp-json\/wp\/v2\/types\/tribe_events"}],"author":[{"embeddable":true,"href":"https:\/\/www.asta.uni-siegen.de\/index.php\/wp-json\/wp\/v2\/users\/18"}],"replies":[{"embeddable":true,"href":"https:\/\/www.asta.uni-siegen.de\/index.php\/wp-json\/wp\/v2\/comments?post=17299"}],"version-history":[{"count":1,"href":"https:\/\/www.asta.uni-siegen.de\/index.php\/wp-json\/wp\/v2\/tribe_events\/17299\/revisions"}],"predecessor-version":[{"id":17301,"href":"https:\/\/www.asta.uni-siegen.de\/index.php\/wp-json\/wp\/v2\/tribe_events\/17299\/revisions\/17301"}],"wp:attachment":[{"href":"https:\/\/www.asta.uni-siegen.de\/index.php\/wp-json\/wp\/v2\/media?parent=17299"}],"wp:term":[{"taxonomy":"post_tag","embeddable":true,"href":"https:\/\/www.asta.uni-siegen.de\/index.php\/wp-json\/wp\/v2\/tags?post=17299"},{"taxonomy":"tribe_events_cat","embeddable":true,"href":"https:\/\/www.asta.uni-siegen.de\/index.php\/wp-json\/wp\/v2\/tribe_events_cat?post=17299"}],"curies":[{"name":"wp","href":"https:\/\/api.w.org\/{rel}","templated":true}]}}