{"id":9823,"date":"2019-01-14T10:54:18","date_gmt":"2019-01-14T09:54:18","guid":{"rendered":"https:\/\/www.asta.uni-siegen.de\/?post_type=tribe_events&#038;p=9823"},"modified":"2019-01-14T10:54:18","modified_gmt":"2019-01-14T09:54:18","slug":"podiumsdiskussion-denken-lassen-meinungen-lassen","status":"publish","type":"tribe_events","link":"https:\/\/www.asta.uni-siegen.de\/index.php\/termin_der_vs\/podiumsdiskussion-denken-lassen-meinungen-lassen\/","title":{"rendered":"Podiumsdiskussion &#8220;Denken Lassen &#8211; Meinungen Lassen?&#8221;"},"content":{"rendered":"<p>Einer der erfolgreichsten deutschen Sachbuchautoren der Nachkriegsgeschichte, Thilo Sarrazin, spricht davon, seine Meinung nicht \u00f6ffentlich kundtun zu d\u00fcrfen, w\u00e4hrend Marc Jongen, Mitglied des deutschen Bundestages, sich in seiner Meinungsfreiheit beschnitten f\u00fchlt und dies seit geraumer Zeit rege im Parlament, der Presse und im Fernsehen erl\u00e4utert. Es macht auf den ersten Blick schon stutzig, wenn Personen des \u00f6ffentlichen Lebens einem Millionenpublikum verk\u00fcnden, dass sie ihre Meinung nicht kundtun k\u00f6nnen. Wir aber wollen genauer hinschauen und fragen deshalb ganz grundlegend: Was bedeutet das eigentlich \u2013 Meinungsfreiheit? Befinden wir uns tats\u00e4chlich in einer Zeit, in der diese in Deutschland bedroht ist? Auf einem interdisziplin\u00e4r besetzten Podium m\u00f6chten wir der genaueren Betrachtung dieses Themas und der Erl\u00e4uterung eben jener Begrifflichkeiten aus unterschiedlichen wissenschaftlichen Perspektiven einen Raum geben. Dabei stehen folgende Fragen im Vordergrund: K\u00f6nnen Meinungen bek\u00e4mpft werden \u2013 oder lediglich das Reden \u00fcber diese? Bedeutet Meinungsfreiheit, dass eine demokratische \u00d6ffentlichkeit das freie Artikulieren jeder Meinung mit allen zur Verf\u00fcgung stehenden Mitteln gew\u00e4hrleisten, evtl. sogar forcieren muss? Wo liegt der Unterschied zwischen Meinungs- und Redefreiheit? Kann durch das freie Walten der Kr\u00e4fte in einem gesellschaftlichen Diskurs Vernunft hergestellt werden? Welche Rolle spielt Herrschaft in \u00f6ffentlichen Diskursen? Und wie w\u00fcrde es um die Redefreiheit stehen, wenn z.B. die \u201eExtreme Rechte\u201c das Sagen h\u00e4tte? Schlussendlich soll diese Podiumsdiskussion \u201ean\u00b4s Eingemachte gehen\u201c: Wir wollen \u00fcber Herrschaft, Meinungs- und Redefreiheit diskutieren, und zwar ganz im Sinne von Dieter Sch\u00f6neckers Veranstaltung, jedoch ideologisch und wissenschaftlich plural und divers. Im Anschluss an die Podiumsdiskussion wird dem Publikum selbstverst\u00e4ndlich die M\u00f6glichkeit gegeben, sich an der Diskussion zu beteiligen.<\/p>\n ","protected":false},"excerpt":{"rendered":"<p>Einer der erfolgreichsten deutschen Sachbuchautoren der Nachkriegsgeschichte, Thilo Sarrazin, spricht davon, seine Meinung nicht \u00f6ffentlich kundtun zu d\u00fcrfen, w\u00e4hrend Marc Jongen, Mitglied des deutschen Bundestages, sich in seiner Meinungsfreiheit beschnitten f\u00fchlt und dies seit geraumer Zeit rege im Parlament, der Presse und im Fernsehen erl\u00e4utert. Es macht auf den ersten Blick schon stutzig, wenn Personen des \u00f6ffentlichen<\/p>\n<p><a class=\"more-link\" href=\"https:\/\/www.asta.uni-siegen.de\/index.php\/termin_der_vs\/podiumsdiskussion-denken-lassen-meinungen-lassen\/\">Weiterlesen<\/a><\/p>\n","protected":false},"author":1,"featured_media":0,"comment_status":"open","ping_status":"closed","template":"","meta":{"_tribe_events_status":"","_tribe_events_status_reason":"","footnotes":""},"tags":[],"tribe_events_cat":[],"class_list":["post-9823","tribe_events","type-tribe_events","status-publish","hentry"],"_links":{"self":[{"href":"https:\/\/www.asta.uni-siegen.de\/index.php\/wp-json\/wp\/v2\/tribe_events\/9823","targetHints":{"allow":["GET"]}}],"collection":[{"href":"https:\/\/www.asta.uni-siegen.de\/index.php\/wp-json\/wp\/v2\/tribe_events"}],"about":[{"href":"https:\/\/www.asta.uni-siegen.de\/index.php\/wp-json\/wp\/v2\/types\/tribe_events"}],"author":[{"embeddable":true,"href":"https:\/\/www.asta.uni-siegen.de\/index.php\/wp-json\/wp\/v2\/users\/1"}],"replies":[{"embeddable":true,"href":"https:\/\/www.asta.uni-siegen.de\/index.php\/wp-json\/wp\/v2\/comments?post=9823"}],"version-history":[{"count":1,"href":"https:\/\/www.asta.uni-siegen.de\/index.php\/wp-json\/wp\/v2\/tribe_events\/9823\/revisions"}],"predecessor-version":[{"id":9824,"href":"https:\/\/www.asta.uni-siegen.de\/index.php\/wp-json\/wp\/v2\/tribe_events\/9823\/revisions\/9824"}],"wp:attachment":[{"href":"https:\/\/www.asta.uni-siegen.de\/index.php\/wp-json\/wp\/v2\/media?parent=9823"}],"wp:term":[{"taxonomy":"post_tag","embeddable":true,"href":"https:\/\/www.asta.uni-siegen.de\/index.php\/wp-json\/wp\/v2\/tags?post=9823"},{"taxonomy":"tribe_events_cat","embeddable":true,"href":"https:\/\/www.asta.uni-siegen.de\/index.php\/wp-json\/wp\/v2\/tribe_events_cat?post=9823"}],"curies":[{"name":"wp","href":"https:\/\/api.w.org\/{rel}","templated":true}]}}